{"id":1455,"date":"2021-02-19T23:54:32","date_gmt":"2021-02-19T23:54:32","guid":{"rendered":"https:\/\/autocolor-karoly.eu\/?page_id=1455"},"modified":"2021-02-22T14:31:01","modified_gmt":"2021-02-22T14:31:01","slug":"adatvedelem","status":"publish","type":"page","link":"https:\/\/www.autocolor-karoly.com\/de\/adatvedelem\/","title":{"rendered":"Adatv\u00e9delem"},"content":{"rendered":"<h2><\/h2>\n<h3>Adatkezel\u00e9si t\u00e1j\u00e9koztat\u00f3 \u00e9s szab\u00e1lyzat<\/h3>\n<p>Az Adatkezel\u0151 Jo\u00f3 K\u00e1roly EV szolg\u00e1ltat\u00e1st ny\u00fajt. Jelen Adatkezel\u00e9si t\u00e1j\u00e9koztat\u00f3 c\u00e9lja, hogy az adatkezel\u00e9s megkezd\u00e9se el\u0151tt az Adatkezel\u0151 \u00e1ltal m\u0171k\u00f6dtetett http:\/\/www.autocolor-karoly.com weboldalra (\u201eHonlap\u201d vagy \u201eWeboldal\u201d) l\u00e1togat\u00f3kat, a Facebook adatlapj\u00e1t l\u00e1togat\u00f3kat (\u201e\u00c9rintett\u201d) egy\u00e9rtelm\u0171en \u00e9s r\u00e9szletesen t\u00e1j\u00e9koztassa szem\u00e9lyes adataik kezel\u00e9s\u00e9vel kapcsolatos minden t\u00e9nyr\u0151l, az adatkezel\u00e9ssel kapcsolatos jogokr\u00f3l \u00e9s jogorvoslati lehet\u0151s\u00e9gekr\u0151l.<\/p>\n<p>Jelen Adatkezel\u00e9si t\u00e1j\u00e9koztat\u00f3 c\u00e9lja tov\u00e1bb\u00e1, hogy az adatkezel\u00e9s megkezd\u00e9se el\u0151tt az Adatkezel\u0151 egy\u00e9rtelm\u0171en \u00e9s r\u00e9szletesen t\u00e1j\u00e9koztassa szem\u00e9lyes adataik kezel\u00e9s\u00e9vel kapcsolatos minden t\u00e9nyr\u0151l, az adatkezel\u00e9ssel kapcsolatos jogokr\u00f3l \u00e9s jogorvoslati lehet\u0151s\u00e9gekr\u0151l azon \u00fcgyfeleket, partnereket, akik az Adatkezel\u0151vel megb\u00edz\u00e1si szerz\u0151d\u00e9st k\u00f6tnek hirdet\u00e9skezel\u00e9sre vonatkoz\u00f3an. Jelen Adatkezel\u00e9si t\u00e1j\u00e9koztat\u00f3 a megb\u00edz\u00e1si szerz\u0151d\u00e9s elv\u00e1laszthatatlan mell\u00e9klet\u00e9t k\u00e9pezi.<\/p>\n<p>Jelen Adatkezel\u00e9si t\u00e1j\u00e9koztat\u00f3 tartalmazza tov\u00e1bb\u00e1 az Adatkezel\u0151re vonatkoz\u00f3 bels\u0151 szab\u00e1lyokat \u00e9s int\u00e9zked\u00e9seket, mely biztos\u00edtja, hogy az adatkezel\u00e9se a 3. pontban meghat\u00e1rozott jogszab\u00e1lyoknak megfelel, \u00edgy egyben az Adatkezel\u0151 adatkezel\u00e9si szab\u00e1lyzat\u00e1nak is min\u0151s\u00fcl az \u00c9rintettek szem\u00e9lyes adatainak kezel\u00e9s\u00e9re vonatkoz\u00f3an.<\/p>\n<p>Jelen Adatkezel\u00e9si t\u00e1j\u00e9koztat\u00f3t az Adatkezel\u0151 a Honlapj\u00e1n k\u00f6zz\u00e9teszi.<\/p>\n<p><strong>Jelen Adatkezel\u00e9si T\u00e1j\u00e9koztat\u00f3 alkalmaz\u00e1s\u00e1ban:<\/strong><\/p>\n<p>\u201cszem\u00e9lyes adat\u201d: azonos\u00edtott vagy azonos\u00edthat\u00f3 term\u00e9szetes szem\u00e9lyre (\u201e\u00e9rintett\u201d) vonatkoz\u00f3 b\u00e1rmely inform\u00e1ci\u00f3; azonos\u00edthat\u00f3 az a term\u00e9szetes szem\u00e9ly, aki k\u00f6zvetlen vagy k\u00f6zvetett m\u00f3don, k\u00fcl\u00f6n\u00f6sen valamely azonos\u00edt\u00f3, p\u00e9ld\u00e1ul n\u00e9v, sz\u00e1m, helymeghat\u00e1roz\u00f3 adat, online azonos\u00edt\u00f3 vagy a term\u00e9szetes szem\u00e9ly testi, fiziol\u00f3giai, genetikai, szellemi, gazdas\u00e1gi, kultur\u00e1lis vagy szoci\u00e1lis azonoss\u00e1g\u00e1ra vonatkoz\u00f3 egy vagy t\u00f6bb t\u00e9nyez\u0151 alapj\u00e1n azonos\u00edthat\u00f3;<\/p>\n<p>\u201cadatkezel\u00e9s\u201d: a szem\u00e9lyes adatokon vagy adat\u00e1llom\u00e1nyokon automatiz\u00e1lt vagy nem automatiz\u00e1lt m\u00f3don v\u00e9gzett b\u00e1rmely m\u0171velet vagy m\u0171veletek \u00f6sszess\u00e9ge, \u00edgy a gy\u0171jt\u00e9s, r\u00f6gz\u00edt\u00e9s, rendszerez\u00e9s, tagol\u00e1s, t\u00e1rol\u00e1s, \u00e1talak\u00edt\u00e1s vagy megv\u00e1ltoztat\u00e1s, lek\u00e9rdez\u00e9s, betekint\u00e9s, felhaszn\u00e1l\u00e1s, k\u00f6zl\u00e9s tov\u00e1bb\u00edt\u00e1s, terjeszt\u00e9s vagy egy\u00e9b m\u00f3don t\u00f6rt\u00e9n\u0151 hozz\u00e1f\u00e9rhet\u0151v\u00e9 t\u00e9tel \u00fatj\u00e1n, \u00f6sszehangol\u00e1s vagy \u00f6sszekapcsol\u00e1s, korl\u00e1toz\u00e1s, t\u00f6rl\u00e9s, illetve megsemmis\u00edt\u00e9s;<\/p>\n<p>\u201cadatkezel\u0151\u201d: az a term\u00e9szetes vagy jogi szem\u00e9ly, k\u00f6zhatalmi szerv, \u00fcgyn\u00f6ks\u00e9g vagy b\u00e1rmely egy\u00e9b szerv, amely a szem\u00e9lyes adatok kezel\u00e9s\u00e9nek c\u00e9ljait \u00e9s eszk\u00f6zeit \u00f6n\u00e1ll\u00f3an vagy m\u00e1sokkal egy\u00fctt meghat\u00e1rozza; ha az adatkezel\u00e9s c\u00e9ljait \u00e9s eszk\u00f6zeit az uni\u00f3s vagy a tag\u00e1llami jog hat\u00e1rozza meg, az adatkezel\u0151t vagy az adatkezel\u0151 kijel\u00f6l\u00e9s\u00e9re vonatkoz\u00f3 k\u00fcl\u00f6n\u00f6s szempontokat az uni\u00f3s vagy a tag\u00e1llami jog is meghat\u00e1rozhatja;<\/p>\n<p>\u201cadatfeldolgoz\u00f3\u201d: az a term\u00e9szetes vagy jogi szem\u00e9ly, k\u00f6zhatalmi szerv, \u00fcgyn\u00f6ks\u00e9g vagy b\u00e1rmely egy\u00e9b szerv, amely az adatkezel\u0151 nev\u00e9ben szem\u00e9lyes adatokat kezel;<\/p>\n<p>\u201cc\u00edmzett\u201d: az a term\u00e9szetes vagy jogi szem\u00e9ly, k\u00f6zhatalmi szerv, \u00fcgyn\u00f6ks\u00e9g vagy b\u00e1rmely egy\u00e9b szerv, akivel vagy amellyel a szem\u00e9lyes adatot k\u00f6zlik, f\u00fcggetlen\u00fcl att\u00f3l, hogy harmadik f\u00e9l-e. Azon k\u00f6zhatalmi szervek, amelyek egy egyedi vizsg\u00e1lat keret\u00e9ben az uni\u00f3s vagy a tag\u00e1llami joggal \u00f6sszhangban f\u00e9rhetnek hozz\u00e1 szem\u00e9lyes adatokhoz, nem min\u0151s\u00fclnek c\u00edmzettnek; az eml\u00edtett adatok e k\u00f6zhatalmi szervek \u00e1ltali kezel\u00e9se meg kell, hogy feleljen az adatkezel\u00e9s c\u00e9ljainak megfelel\u0151en az alkalmazand\u00f3 adatv\u00e9delmi szab\u00e1lyoknak;<\/p>\n<p><strong>1. Az adatkezel\u0151 adatai<\/strong><\/p>\n<p>C\u00e9gn\u00e9v: Jo\u00f3 K\u00e1roly e.v.<br \/>\nSz\u00e9khely: 9421 Fert\u0151r\u00e1kos, Pataki Istv\u00e1n utca 17.<br \/>\nAd\u00f3sz\u00e1m: 46926944228<br \/>\nEmail: office@autocolor-karoly.com<\/p>\n<p>Az Adatkezel\u0151 Google Analyitcs statisztikai m\u00e9r\u00e9st haszn\u00e1l, mely cookie-k seg\u00edts\u00e9g\u00e9vel statisztik\u00e1kat k\u00e9sz\u00edten (l\u00e1sd b\u0151vebben 10. pont), l\u00e1togatotts\u00e1gi adatokat dolgoznak fel, \u00edgy a Google adatfeldolgoz\u00f3nak min\u0151s\u00fcl (www.google.de\/policies\/privacy\/).<\/p>\n<p><strong>2. Az adatkezel\u00e9sre vonatkoz\u00f3 f\u0151bb jogszab\u00e1lyok \u00e9s r\u00f6vid\u00edt\u00e9s\u00fck<\/strong><\/p>\n<p>Eur\u00f3pai Parlament \u00e9s a Tan\u00e1cs (EU) 2016\/679 rendelete (\u201eGDPR\u201d)<br \/>\naz inform\u00e1ci\u00f3s \u00f6nrendelkez\u00e9si jogr\u00f3l \u00e9s az inform\u00e1ci\u00f3szabads\u00e1gr\u00f3l sz\u00f3l\u00f3 2011. \u00e9vi CXII. t\u00f6rv\u00e9ny (\u201eInfotv.\u201d)<br \/>\naz inform\u00e1ci\u00f3s t\u00e1rsadalommal \u00f6sszef\u00fcgg\u0151 szolg\u00e1ltat\u00e1sok egyes k\u00e9rd\u00e9seir\u0151l sz\u00f3l\u00f3 2001. \u00e9vi CVIII. t\u00f6rv\u00e9ny (\u201eEker tv.\u201d)<\/p>\n<p><strong>3. Adatkezel\u00e9s alapelvei (min\u0151s\u00e9gpolitika)<\/strong><\/p>\n<p>4.1. Tisztess\u00e9gess\u00e9g, jogszer\u0171s\u00e9g, \u00e9s \u00e1tl\u00e1that\u00f3s\u00e1g<br \/>\nAdatkezel\u0151 a jelen T\u00e1j\u00e9koztat\u00f3ban megjel\u00f6lt adatkezel\u00e9si m\u0171veleteket (ide\u00e9rtve az adatok felv\u00e9tel\u00e9t \u00e9s kezel\u00e9s\u00e9t is) tisztess\u00e9gesen, a szem\u00e9lyes adatok kezel\u00e9s\u00e9re vonatkoz\u00f3 jogszab\u00e1lyi el\u0151\u00edr\u00e1soknak megfelel\u0151en, az \u00c9rintett sz\u00e1m\u00e1ra \u00e1tl\u00e1that\u00f3 m\u00f3don v\u00e9gzi.<\/p>\n<p>3.2. C\u00e9lhoz k\u00f6t\u00f6tts\u00e9g<br \/>\nAz Adatkezel\u0151 a szem\u00e9lyes adatokat kiz\u00e1r\u00f3lag a jelen T\u00e1j\u00e9koztat\u00f3ban r\u00f6gz\u00edtett c\u00e9lokb\u00f3l gy\u0171jti, kezeli, \u00e9s haszn\u00e1lja fel, illetve azokat csak ezen c\u00e9lok el\u00e9r\u00e9se \u00e9rdek\u00e9ben tov\u00e1bb\u00edtja a jelen T\u00e1j\u00e9koztat\u00f3nak valamint a mindenkor hat\u00e1lyos szem\u00e9lyes adatok kezel\u00e9s\u00e9re vonatkoz\u00f3 jogszab\u00e1lyi el\u0151\u00edr\u00e1soknak megfelel\u0151en. A kezelt szem\u00e9lyes adatokat kiz\u00e1r\u00f3lag a c\u00e9lok megval\u00f3s\u00edt\u00e1s\u00e1ban \u00e9rintett szem\u00e9lyek ismerhetik meg.<\/p>\n<p>3.3. Adattakar\u00e9koss\u00e1g<br \/>\nAz Adatkezel\u0151 kiz\u00e1r\u00f3lag olyan szem\u00e9lyes adatok megad\u00e1s\u00e1t k\u00e9ri az \u00c9rintett\u0151l, amelyek az adatkezel\u00e9s c\u00e9lj\u00e1t tekintve az adott adatkezel\u00e9s vonatkoz\u00e1s\u00e1ban megfelel\u0151ek, relev\u00e1nsak \u00e9s felt\u00e9tlen\u00fcl sz\u00fcks\u00e9gesek, \u00e9s amely n\u00e9lk\u00fcl a szolg\u00e1ltat\u00e1s\u00e1t nem vagy nem az \u00e1ltala v\u00e1llaltak szerint tudn\u00e1 ny\u00fajtani.<\/p>\n<p>3.4. Pontoss\u00e1g<br \/>\nAz \u00c9rintettek felelnek az\u00e9rt, hogy a honlapon megadott adatok val\u00f3sak, pontosak \u00e9s naprak\u00e9szek legyenek. Mindemellett az \u00c9rintett felel\u0151ss\u00e9ge \u00e9s k\u00f6telezetts\u00e9ge az is, hogy amennyiben nem saj\u00e1t szem\u00e9lyes adatait adja meg, \u00fagy ahhoz az \u00e9rintett hozz\u00e1j\u00e1rul\u00e1s\u00e1t el\u0151zetesen beszerezze.<\/p>\n<p>Amennyiben az \u00c9rintett jelzi az Adatkezel\u0151 r\u00e9sz\u00e9re, hogy az adatai nem felelnek meg a val\u00f3s\u00e1gnak, \u00fagy az Adatkezel\u0151 a jelen T\u00e1j\u00e9koztat\u00f3ban r\u00f6gz\u00edtettek szerint halad\u00e9ktalanul gondoskodik ezen adatok t\u00f6rl\u00e9s\u00e9r\u0151l vagy helyesb\u00edt\u00e9s\u00e9r\u0151l.<\/p>\n<p>3.5. Korl\u00e1tozott t\u00e1rolhat\u00f3s\u00e1g<br \/>\nAdatkezel\u0151 biztos\u00edtja, hogy a szem\u00e9lyes adatok t\u00e1rol\u00e1sa olyan form\u00e1ban t\u00f6rt\u00e9njen, mely az \u00c9rintett azonos\u00edt\u00e1s\u00e1t csak a szem\u00e9lyes adatok kezel\u00e9se c\u00e9ljainak el\u00e9r\u00e9s\u00e9hez sz\u00fcks\u00e9ges ideig teszi lehet\u0151v\u00e9. Adatkezel\u0151 az adatok t\u00e1rol\u00e1s\u00e1nak id\u0151tartam\u00e1t ezen elv ment\u00e9n hat\u00e1rozza teh\u00e1t meg.<\/p>\n<p>3.6. Adatbiztons\u00e1g<br \/>\nAdatkezel\u0151 megtesz minden sz\u00fcks\u00e9ges int\u00e9zked\u00e9st annak \u00e9rdek\u00e9ben, hogy biztos\u00edtsa mind a pap\u00edralap\u00fa, mind pedig az elektronikusan t\u00e1rolt adatok biztons\u00e1gos, s\u00e9r\u00fcl\u00e9smentes kezel\u00e9s\u00e9t \u00e9s az ehhez sz\u00fcks\u00e9ges adatkezel\u00e9si rendszerek ki\u00e9p\u00edt\u00e9s\u00e9t, m\u0171k\u00f6dtet\u00e9s\u00e9t. Adatkezel\u0151 gondoskodik arr\u00f3l, hogy a kezelt adatokhoz illet\u00e9ktelen szem\u00e9ly ne f\u00e9rhessen hozz\u00e1, ne hozhassa nyilv\u00e1noss\u00e1gra, ne tov\u00e1bb\u00edthassa, valamint azokat ne m\u00f3dos\u00edthassa, t\u00f6r\u00f6lhesse. Adatkezel\u0151 megtesz minden t\u0151le telhet\u0151t annak \u00e9rdek\u00e9ben, hogy az adatok v\u00e9letlen\u00fcl se s\u00e9r\u00fcljenek, illetve semmis\u00fcljenek meg. A fenti k\u00f6telezetts\u00e9gv\u00e1llal\u00e1st az Adatkezel\u0151 az adatkezel\u00e9si tev\u00e9kenys\u00e9ge sor\u00e1n ig\u00e9nybevett adatfeldolgoz\u00f3k r\u00e9sz\u00e9re is el\u0151\u00edrja.<\/p>\n<p>Ennek k\u00f6r\u00e9ben a sz\u00e1m\u00edt\u00f3g\u00e9peken v\u00edrus- \u00e9s t\u0171zfalv\u00e9delmet alkalmaz, \u00e9s biztos\u00edtja az adatok, \u00e9s adathordoz\u00f3 eszk\u00f6z\u00f6k fizikai v\u00e9delm\u00e9t. A sz\u00e1m\u00edt\u00f3g\u00e9pek, adatb\u00e1zisok jelsz\u00f3val v\u00e9dettek, \u00edgy a szem\u00e9lyes adatokat kiz\u00e1r\u00f3lag az tekintheti meg, aki arra jogosults\u00e1got kapott. Az elektronikus adatokr\u00f3l biztons\u00e1gi ment\u00e9s k\u00e9sz\u00fcl.<\/p>\n<p><strong>4. Kapcsolatfelv\u00e9tel a Honlapon\/Facebookon kereszt\u00fcl<\/strong><\/p>\n<p>Adatkezel\u00e9s c\u00e9lja: t\u00e1j\u00e9koztat\u00e1s, kapcsolatfelv\u00e9tel, feltett k\u00e9rd\u00e9s megv\u00e1laszol\u00e1sa<br \/>\nAdatkezel\u00e9s jogalapja: az \u00e9rintett hozz\u00e1j\u00e1rul\u00e1sa \u2013 GDPR 6. cikk (1) bekezd\u00e9s a) pont.<\/p>\n<p>A Honlapon t\u00f6rt\u00e9n\u0151 \u00fczenetk\u00fcld\u00e9s eset\u00e9n a hozz\u00e1j\u00e1rul\u00e1s\u00e1t az \u00fczenet megk\u00fcld\u00e9s\u00e9t megel\u0151z\u0151en checkbox kipip\u00e1l\u00e1s\u00e1val adja meg. A Facebookon t\u00f6rt\u00e9n\u0151 \u00fczenetk\u00fcld\u00e9s eset\u00e9n az \u00c9rintett az \u00fczenet elk\u00fcld\u00e9s\u00e9vel hozz\u00e1j\u00e1rul ahhoz, hogy az Adatkezel\u0151 a Facebook profilj\u00e1ban megadott, nyilv\u00e1nos szem\u00e9lyes adatait (n\u00e9v, profilk\u00e9p) megismerje. A hozz\u00e1j\u00e1rul\u00e1s\u00e1t b\u00e1rmikor, indokol\u00e1s n\u00e9lk\u00fcl visszavonhatja e-mailben, vagy pap\u00edr alap\u00fa k\u00e9relemben. A hozz\u00e1j\u00e1rul\u00e1s visszavon\u00e1sa eset\u00e9n a szem\u00e9lyes adatai t\u00f6rl\u00e9sre ker\u00fclnek (ld.: 12.3. pont).<\/p>\n<p>\u00c9rintettek kateg\u00f3ri\u00e1i: \u00fczenetet k\u00fcld\u0151 \u00fcgyfelek<br \/>\nKezelt adatok k\u00f6re: n\u00e9v, email c\u00edm, t\u00e1rgy, \u00fczenet, Facebook profilban szerepl\u0151 nyilv\u00e1nos adatok<br \/>\nKi f\u00e9rhet hozz\u00e1? kiz\u00e1r\u00f3lag az Adatkezel\u0151<\/p>\n<p>Adatkezel\u00e9s id\u0151tartama: A v\u00e1lasz\u00fczenet elk\u00fcld\u00e9s\u00e9t k\u00f6vet\u0151 30 napon bel\u00fcl az \u00fczenetek t\u00f6rl\u00e9sre ker\u00fclnek (kiv\u00e9ve, ha egy\u00e9b adatkezel\u00e9si c\u00e9l is fenn\u00e1ll).<br \/>\nAz adatszolg\u00e1ltat\u00e1s elmarad\u00e1s\u00e1nak lehets\u00e9ges k\u00f6vetkezm\u00e9nyei: az \u00c9rintett nem tud k\u00e9rd\u00e9st feltenni, aj\u00e1nlatot k\u00e9rni a Honlapon kereszt\u00fcl.<\/p>\n<p><strong>5. Szolg\u00e1ltat\u00e1s megrendel\u00e9ssel, szolg\u00e1ltat\u00e1sny\u00fajt\u00e1ssal kapcsolatos adatkezel\u00e9s<\/strong><\/p>\n<p>Adatkezel\u00e9s c\u00e9lja:szolg\u00e1ltat\u00e1ssal kapcsolatos feladatok teljes\u00edt\u00e9se, telefonsz\u00e1m, \u00e9s e-mail c\u00edm eset\u00e9n kapcsolattart\u00e1s a Megb\u00edz\u00f3val<br \/>\nAdatkezel\u00e9s jogalapja: szerz\u0151d\u00e9s teljes\u00edt\u00e9s\u00e9hez sz\u00fcks\u00e9ges- GDPR 6. cikk (1) bekezd\u00e9s b) pont, az Eker tv. 13\/A. \u00a7-a<\/p>\n<p>\u00c9rintettek kateg\u00f3ri\u00e1i: megb\u00edz\u00e1si szerz\u0151d\u00e9st megk\u00f6t\u0151 \u00fcgyfelek<br \/>\nKezelt adatok k\u00f6re: megb\u00edz\u00f3 neve, sz\u00e9khelye, ad\u00f3sz\u00e1m, nyilv\u00e1ntart\u00e1si sz\u00e1m, a kapcsolattart\u00f3 e-mail c\u00edme, telefonsz\u00e1m<\/p>\n<p>Ki f\u00e9rhet hozz\u00e1? kiz\u00e1r\u00f3lag az Adatkezel\u0151<br \/>\nAdatkezel\u00e9s id\u0151tartama: A szerz\u0151d\u00e9s megsz\u0171n\u00e9s\u00e9t k\u00f6vet\u0151 5 \u00e9vig. A kapcsolattart\u00f3 term\u00e9szetes szem\u00e9ly email-c\u00edme a szerz\u0151d\u00e9s megsz\u0171n\u00e9s\u00e9t k\u00f6vet\u0151en t\u00f6rl\u00e9sre ker\u00fclnek.<\/p>\n<p>Az adatszolg\u00e1ltat\u00e1s elmarad\u00e1s\u00e1nak lehets\u00e9ges k\u00f6vetkezm\u00e9nyei: az \u00c9rintett nem tud megb\u00edz\u00e1si szerz\u0151d\u00e9st k\u00f6tni az Adatkezel\u0151vel.<\/p>\n<p><strong>6. Sz\u00e1mla ki\u00e1ll\u00edt\u00e1sa<\/strong><\/p>\n<p>Adatkezel\u00e9s c\u00e9lja: sz\u00e1mviteli bizonylat ki\u00e1ll\u00edt\u00e1sa<\/p>\n<p>Adatkezel\u00e9s jogalapja: szerz\u0151d\u00e9s teljes\u00edt\u00e9s\u00e9hez sz\u00fcks\u00e9ges- GDPR 6. cikk (1) bekezd\u00e9s b) pont, jogi k\u00f6telezetts\u00e9g teljes\u00edt\u00e9s\u00e9hez sz\u00fcks\u00e9ges \u2013 GDPR 6. cikk (1) bekezd\u00e9s c) pont, az ad\u00f3z\u00e1s rendj\u00e9r\u0151l sz\u00f3l\u00f3 2003. \u00e9vi XCII. t\u00f6rv\u00e9ny 45. \u00a7, Sz\u00e1mv. tv.169. \u00a7 (2) bekezd\u00e9se<\/p>\n<p>\u00c9rintettek kateg\u00f3ri\u00e1i: honlapon kereszt\u00fcl megrendel\u00e9st lead\u00f3 \u00fcgyfelek<\/p>\n<p>Kezelt adatok k\u00f6re: sz\u00e1ml\u00e1z\u00e1si n\u00e9v, sz\u00e1ml\u00e1z\u00e1si c\u00edm (megye, telep\u00fcl\u00e9sn\u00e9v, ir\u00e1ny\u00edt\u00f3sz\u00e1m, utcan\u00e9v, h\u00e1zsz\u00e1m, emelet, ajt\u00f3, cseng\u0151), fizet\u00e9si m\u00f3d, ki\u00e1ll\u00edt\u00e1s, teljes\u00edt\u00e9s, fizet\u00e9s d\u00e1tuma, term\u00e9k neve, term\u00e9kek nett\u00f3 \u00e9s brutt\u00f3 \u00e1ra, megrendel\u00e9s v\u00e9g\u00f6sszege (nett\u00f3, brutt\u00f3, \u00e1fa \u00f6sszege).<\/p>\n<p>Ki f\u00e9rhet hozz\u00e1? kiz\u00e1r\u00f3lag az Adatkezel\u0151<br \/>\nAdatkezel\u00e9s id\u0151tartama: a Sz\u00e1mv. tv. 169. \u00a7 (2) bekezd\u00e9s\u00e9nek megfelel\u0151en nyolc \u00e9v<\/p>\n<p>Adattov\u00e1bb\u00edt\u00e1s: A sz\u00e1ml\u00e1k tov\u00e1bb\u00edt\u00e1sra ker\u00fclnek a k\u00f6nyvel\u0151 fel\u00e9.<\/p>\n<p>Az adatszolg\u00e1ltat\u00e1s elmarad\u00e1s\u00e1nak lehets\u00e9ges k\u00f6vetkezm\u00e9nyei: az \u00c9rintett nem tud n\u00e9vre sz\u00f3l\u00f3 sz\u00e1ml\u00e1t kapni.<\/p>\n<p><strong>7. Az Adatkezel\u0151 tev\u00e9kenys\u00e9ge sor\u00e1n felmer\u00fcl\u0151 adatfeldolgoz\u00e1s<\/strong><\/p>\n<p>Adatfeldolgoz\u00e1s c\u00e9lja:<\/p>\n<p>Adatfeldolgoz\u00e1s jogalapja: szerz\u0151d\u00e9s teljes\u00edt\u00e9s\u00e9hez sz\u00fcks\u00e9ges- GDPR 6. cikk (1) bekezd\u00e9s b) pont<br \/>\n\u00c9rintettek kateg\u00f3ri\u00e1i: megb\u00edz\u00e1si szerz\u0151d\u00e9st k\u00f6t\u0151 \u00fcgyfelek<\/p>\n<p>Kezelt adatok k\u00f6re: a megb\u00edz\u00e1si szerz\u0151d\u00e9st k\u00f6t\u0151 \u00fcgyfelek<br \/>\nKi f\u00e9rhet hozz\u00e1? kiz\u00e1r\u00f3lag az Adatkezel\u0151<br \/>\nAdatkezel\u00e9s id\u0151tartama: A megb\u00edz\u00e1si szerz\u0151d\u00e9s megsz\u0171n\u00e9s\u00e9ig.<\/p>\n<p><strong>8. Min\u0151s\u00e9gi kifog\u00e1sok kezel\u00e9se<\/strong><\/p>\n<p>Adatkezel\u00e9s c\u00e9lja: az Adatkezel\u0151 \u00e1ltal ny\u00fajtott szolg\u00e1ltat\u00e1sokkal kapcsolatosan felmer\u00fcl\u0151 min\u0151s\u00e9gi kifog\u00e1sok kezel\u00e9se.<\/p>\n<p>Adatkezel\u00e9s jogalapja: szerz\u0151d\u00e9s teljes\u00edt\u00e9s\u00e9hez sz\u00fcks\u00e9ges- GDPR 6. cikk (1) bekezd\u00e9s b) pont, jogi k\u00f6telezetts\u00e9g teljes\u00edt\u00e9s\u00e9hez sz\u00fcks\u00e9ges \u2013 GDPR 6. cikk (1) bekezd\u00e9s c) pont, a fogyaszt\u00f3v\u00e9delemr\u0151l sz\u00f3l\u00f3 1997. \u00e9vi CLV. t\u00f6rv\u00e9ny 17\/A. \u00a7 (3)-(7).<\/p>\n<p>\u00c9rintettek kateg\u00f3ri\u00e1i: panaszt, kifog\u00e1st el\u0151terjeszt\u0151 \u00fcgyf\u00e9l<br \/>\nKezelt adatok k\u00f6re: a panasz egyedi azonos\u00edt\u00f3sz\u00e1ma, a fogyaszt\u00f3 neve, lakc\u00edme, a panaszbejelent\u00e9s helye, ideje, a panaszbejelent\u00e9s m\u00f3dja, a fogyaszt\u00f3 \u00e1ltal bek\u00fcld\u00f6tt iratok, dokumentumok, egy\u00e9b bizony\u00edt\u00e9kok jegyz\u00e9ke, a panasz le\u00edr\u00e1sa, a jegyz\u0151k\u00f6nyv felv\u00e9tel\u00e9nek helye, ideje \u00e9s a jegyz\u0151k\u00f6nyvvezet\u0151 neve, al\u00e1\u00edr\u00e1sa illetve visszav\u00e9t eset\u00e9n a term\u00e9k adatai.<\/p>\n<p>Ki f\u00e9rhet hozz\u00e1? kiz\u00e1r\u00f3lag az Adatkezel\u0151<br \/>\nAdatkezel\u00e9s id\u0151tartama: A panaszr\u00f3l felvett jegyz\u0151k\u00f6nyvek \u00e9s az \u00edr\u00e1sbeli panaszokra adott v\u00e1laszok m\u00e1solati p\u00e9ld\u00e1nyai tekintet\u00e9ben az Fgytv. 17\/A. \u00a7 (7) bekezd\u00e9se alapj\u00e1n \u00f6t \u00e9v<\/p>\n<p>Adattov\u00e1bb\u00edt\u00e1s: Nincs.<br \/>\nAz adatszolg\u00e1ltat\u00e1s elmarad\u00e1s\u00e1nak lehets\u00e9ges k\u00f6vetkezm\u00e9nyei: az \u00c9rintett nem tudja gyakorolni fogyaszt\u00f3i jogait.<\/p>\n<p><strong>9. S\u00fctikr\u0151l (cookie) sz\u00f3l\u00f3 t\u00e1j\u00e9koztat\u00e1s<\/strong><\/p>\n<p>A s\u00fcti a webszerver \u00e1ltal k\u00fcld\u00f6tt, v\u00e1ltoz\u00f3 tartalm\u00fa, alfanumerikus inform\u00e1ci\u00f3 csomag, mely a Felhaszn\u00e1l\u00f3 sz\u00e1m\u00edt\u00f3g\u00e9p\u00e9n r\u00f6gz\u00fcl \u00e9s el\u0151re meghat\u00e1rozott \u00e9rv\u00e9nyess\u00e9gi ideig t\u00e1rol\u00e1sra ker\u00fcl. A cookie-k alkalmaz\u00e1sa lehet\u0151s\u00e9get biztos\u00edt a Felhaszn\u00e1l\u00f3 egyes adatainak lek\u00e9rdez\u00e9s\u00e9re, valamint internethaszn\u00e1lat\u00e1nak nyomon k\u00f6vet\u00e9s\u00e9re.<\/p>\n<p>Az Adatkezel\u0151 t\u00e1j\u00e9koztatja az \u00c9rintett, hogy a Weboldal l\u00e1togatotts\u00e1g\u00e1nak m\u00e9r\u00e9s\u00e9hez \u00e9s l\u00e1togat\u00f3inak viselked\u00e9s\u00e9nek figyel\u00e9s\u00e9hez, statisztik\u00e1k k\u00e9sz\u00edt\u00e9s\u00e9hez \u00e9s hirdet\u00e9sei eredm\u00e9nyess\u00e9g\u00e9hez az Adatkezel\u0151 a Google Analytics programot haszn\u00e1lja.<\/p>\n<p>A hivatkozott program a felhaszn\u00e1l\u00f3 sz\u00e1m\u00edt\u00f3g\u00e9p\u00e9n cookie-kat helyeznek el, melyek felhaszn\u00e1l\u00f3i adatokat gy\u0171jtenek. A Weboldalra l\u00e1togat\u00f3k (Felhaszn\u00e1l\u00f3k) hozz\u00e1j\u00e1rulnak felhaszn\u00e1l\u00f3 viselked\u00e9s\u00fck figyel\u00e9s\u00e9hez, k\u00f6vet\u00e9s\u00e9hez \u00e9s a programok \u00e1ltal ny\u00fajtott minden szolg\u00e1ltat\u00e1sok ig\u00e9nybe v\u00e9tel\u00e9hez az Adatkezel\u0151 r\u00e9sz\u00e9re.<\/p>\n<p>Mindezek mellett a felhaszn\u00e1l\u00f3nak lehet\u0151s\u00e9ge van b\u00e1rmikor a cookie-k adatr\u00f6gz\u00edt\u00e9s\u00e9t \u00e9s adatt\u00e1rol\u00e1st a j\u00f6v\u0151re vonatkoz\u00f3an letiltani a lentiek szerint. A Google t\u00e1j\u00e9koztat\u00e1sa szerint a Google Analytics f\u0151leg els\u0151 f\u00e9lt\u0151l sz\u00e1rmaz\u00f3 cookie-k seg\u00edts\u00e9g\u00e9vel jelenti a webhely\u00e9n l\u00e9trej\u00f6tt l\u00e1togat\u00f3i interakci\u00f3kat. Ezek a cookie-k csak szem\u00e9lyazonos\u00edt\u00e1sra alkalmatlan inform\u00e1ci\u00f3kat r\u00f6gz\u00edtenek. A b\u00f6ng\u00e9sz\u0151k nem osztj\u00e1k meg a saj\u00e1t cookie-kat a domainek k\u00f6z\u00f6tt. A cookie-r\u00f3l tov\u00e1bbi inform\u00e1ci\u00f3 tal\u00e1lhat\u00f3 a Google Hirdet\u00e9s \u00e9s adatv\u00e9delem GYIK-ban az al\u00e1bbi linken: https:\/\/www.google.com\/intl\/hu\/policies\/technologies\/ads\/.<\/p>\n<p>Google Analytics<br \/>\nAz Adatkezel\u0151 a Google Analytics programot els\u0151sorban statisztik\u00e1i el\u0151\u00e1ll\u00edt\u00e1s\u00e1hoz haszn\u00e1lja, t\u00f6bbek k\u00f6z\u00f6tt m\u00e9ri vele tev\u00e9kenys\u00e9ge eredm\u00e9nyess\u00e9g\u00e9t. A program haszn\u00e1lat\u00e1val az Adatkezel\u0151 f\u0151k\u00e9nt arr\u00f3l szerez inform\u00e1ci\u00f3t, hogy h\u00e1ny l\u00e1togat\u00f3 kereste fel Weboldal\u00e1t, \u00e9s a l\u00e1togat\u00f3k mennyi id\u0151t t\u00f6lt\u00f6ttek a Weboldalon. A program felismeri a l\u00e1togat\u00f3 IP c\u00edm\u00e9t, ez\u00e9rt tudja k\u00f6vetni, hogy a l\u00e1togat\u00f3 visszat\u00e9r\u0151 vagy \u00faj l\u00e1togat\u00f3-e, tov\u00e1bb\u00e1 k\u00f6vethet\u0151, hogy a l\u00e1togat\u00f3 milyen utat tett meg a Weboldalon \u00e9s hova l\u00e9pett be. A cookie \u00e9lettartama 14 h\u00f3nap, ezen id\u0151tartam eltelt\u00e9vel a cookie automatikusan t\u00f6rl\u00e9sre ker\u00fcl.<\/p>\n<p>Addthis cookie-k<br \/>\nEzen cookie-k a Weboldal tartalm\u00e1nak megoszt\u00e1s\u00e1t, l\u00e1jkol\u00e1s\u00e1t teszik lehet\u0151v\u00e9 valamint a megoszt\u00e1sok statisztikai analitik\u00e1j\u00e1t biztos\u00edtja.<\/p>\n<p>Funkcion\u00e1lis cookie-k (munkamenet s\u00fctik)<br \/>\nEzen s\u00fctik a Weboldal megjelen\u00edt\u00e9s\u00e9\u00e9rt, funkcionalit\u00e1s\u00e1\u00e9rt felelnek, egy munkamenetre sz\u00f3lnak. Letilt\u00e1sukkal a Weboldal egyes funkci\u00f3i nem, vagy korl\u00e1tozottan \u00e9rhet\u0151k el.<\/p>\n<p>A fenti s\u00fctik alkalmaz\u00e1s\u00e1nak c\u00e9lja a Weboldal funkcionalit\u00e1s\u00e1nak biztos\u00edt\u00e1sa, az oldall\u00e1togatotts\u00e1g m\u00e9r\u00e9se, forgalmi analitikai k\u00e9sz\u00edt\u00e9se anonimiz\u00e1lt l\u00e1togatotts\u00e1gi adatok gy\u0171jt\u00e9s\u00e9vel. Ezek az adatok alapj\u00e1n az \u00c9rintett sem k\u00f6zvetlen, sem k\u00f6zvetett m\u00f3don nem azonos\u00edthat\u00f3.<\/p>\n<p>Cookie-k letilt\u00e1sa<br \/>\nA s\u00fctik alkalmaz\u00e1s\u00e1t a saj\u00e1t internet b\u00f6ng\u00e9sz\u0151j\u00e9ben t\u00f6r\u00f6lheti, illetve letilthatja az adott b\u00f6ng\u00e9sz\u0151 adatv\u00e9delmi be\u00e1ll\u00edt\u00e1sai k\u00f6z\u00f6tt. Ehhez seg\u00edts\u00e9get az al\u00e1bbi linkeken tal\u00e1l:<\/p>\n<p>https:\/\/support.google.com\/chrome\/answer\/95647?hl=hu<br \/>\nhttps:\/\/support.mozilla.org\/hu\/kb\/weboldalak-altal-elhelyezett-sutik-torlese-szamito<br \/>\nhttps:\/\/support.microsoft.com\/hu-hu\/help\/278835\/how-to-delete-cookie-files-in-internet-explorer<\/p>\n<p>Azok a Felhaszn\u00e1l\u00f3k, akik nem szeretn\u00e9k, hogy a Google Analytics jelent\u00e9st k\u00e9sz\u00edtsen a l\u00e1togat\u00e1sukr\u00f3l, telep\u00edthetik a Google Analytics letilt\u00f3 b\u00f6ng\u00e9sz\u0151b\u0151v\u00edtm\u00e9nyt. Ez a kieg\u00e9sz\u00edt\u0151 arra utas\u00edtja a Google Analytics JavaScript-szkriptjeit (ga.js, analytics.js, and dc.js), hogy ne k\u00fcldjenek l\u00e1togat\u00e1si inform\u00e1ci\u00f3t a Google sz\u00e1m\u00e1ra.<\/p>\n<p>Ha le szeretn\u00e9 tiltani az Analytics webes tev\u00e9kenys\u00e9g\u00e9t, keresse fel a Google Analytics letilt\u00f3 oldal\u00e1t, \u00e9s telep\u00edtse a b\u0151v\u00edtm\u00e9nyt b\u00f6ng\u00e9sz\u0151j\u00e9hez. A b\u0151v\u00edtm\u00e9ny telep\u00edt\u00e9s\u00e9r\u0151l \u00e9s elt\u00e1vol\u00edt\u00e1s\u00e1r\u00f3l tov\u00e1bbi t\u00e1j\u00e9koztat\u00e1s\u00e9rt tekintse meg az adott b\u00f6ng\u00e9sz\u0151h\u00f6z tartoz\u00f3 s\u00fag\u00f3t.<\/p>\n<p><strong>10. Az \u00e9rtintettek jogai<\/strong><\/p>\n<p>11.1. Hozz\u00e1f\u00e9r\u00e9si jog<br \/>\nAz \u00c9rintett jogosult arra, hogy szem\u00e9lyes adataik kezel\u00e9s\u00e9r\u0151l, \u00edgy k\u00fcl\u00f6n\u00f6sen az adatkezel\u00e9s c\u00e9lj\u00e1r\u00f3l, jogalapj\u00e1r\u00f3l, kezelt szem\u00e9lyes adatokr\u00f3l, az adatfeldolgoz\u00f3 szem\u00e9ly\u00e9r\u0151l, panasz beny\u00fajt\u00e1s jog\u00e1r\u00f3l az Adatkezel\u0151t\u0151l t\u00e1j\u00e9koztat\u00e1st k\u00e9rjen.<\/p>\n<p>Adatkezel\u0151 a t\u00e1j\u00e9koztat\u00e1st d\u00edjmentesen biztos\u00edtja az \u00c9rintett r\u00e9sz\u00e9re. Amennyiben az \u00c9rintett k\u00e9relme egy\u00e9rtelm\u0171en megalapozatlan, vagy \u2013 k\u00fcl\u00f6n\u00f6sen ism\u00e9tl\u0151d\u0151 jellege miatt \u2013 t\u00falz\u00f3, az Adatkezel\u0151 jogosult \u00e9sszer\u0171 k\u00f6lts\u00e9gt\u00e9r\u00edt\u00e9st k\u00e9rni (Pap\u00edr alap\u00fa t\u00e1j\u00e9koztat\u00e1s eset\u00e9ben: 10 Ft\/lap).<\/p>\n<p>A k\u00e9relem elektronikus vagy postai \u00faton ny\u00fajthat\u00f3 be, ennek szab\u00e1lyait a 13. pont tartalmazza.<\/p>\n<p>A beny\u00fajtott k\u00e9relemre Adatkezel\u0151 a k\u00e9relem beny\u00fajt\u00e1s\u00e1t\u00f3l sz\u00e1m\u00edtott legr\u00f6videbb id\u0151n, legfeljebb azonban 25 napon bel\u00fcl k\u00f6z\u00e9rthet\u0151 form\u00e1ban v\u00e1laszol.<\/p>\n<p>11.2. Helyesb\u00edt\u00e9shez val\u00f3 jog<br \/>\nAz \u00c9rintett k\u00e9rheti szem\u00e9lyes adatainak helyesb\u00edt\u00e9s\u00e9t, amennyiben azok nem felelnek meg a val\u00f3s\u00e1gnak. Jogosult tov\u00e1bb\u00e1 arra, hogy a hi\u00e1nyos szem\u00e9lyes adatok kieg\u00e9sz\u00edt\u00e9s\u00e9t k\u00e9rje.<\/p>\n<p>A k\u00e9relem be\u00e9rkez\u00e9s\u00e9t k\u00f6vet\u0151en az Adatkezel\u0151 a lehet\u0151 legr\u00f6videbb id\u0151n bel\u00fcl a k\u00e9relem jogoss\u00e1g\u00e1t megvizsg\u00e1lja. Amennyiben az Adatkezel\u0151 a Felhaszn\u00e1l\u00f3 k\u00e9relm\u00e9t nem tal\u00e1lja megalapozottnak, \u00e9s annak teljes\u00edt\u00e9s\u00e9t megtagadja, \u00fagy az elutas\u00edt\u00e1st \u00e9s annak indokait a jogorvoslattal egy\u00fctt a k\u00e9relem k\u00e9zhezv\u00e9tel\u00e9t k\u00f6vet\u0151 25 napon bel\u00fcl \u00edr\u00e1sban k\u00f6zli az \u00c9rintettel.<\/p>\n<p>11.3. T\u00f6rl\u00e9shez val\u00f3 jog<br \/>\nAz Adatkezel\u0151 az \u00c9rintettre vonatkoz\u00f3 szem\u00e9lyes adatokat t\u00f6rli, ha:<\/p>\n<p>az adatkezel\u00e9s jogellenes;<br \/>\naz \u00c9rintett visszavonja a szem\u00e9lyes adatok kezel\u00e9s\u00e9re vonatkoz\u00f3 hozz\u00e1j\u00e1rul\u00e1s\u00e1t, \u00e9s az adatkezel\u00e9snek nincs m\u00e1s jogalapja;<br \/>\na Felhaszn\u00e1l\u00f3 szem\u00e9lyes adata hi\u00e1nyos vagy t\u00e9ves, \u00e9s ez az \u00e1llapot jogszer\u0171en nem orvosolhat\u00f3, felt\u00e9ve, hogy a t\u00f6rl\u00e9st jogszab\u00e1ly nem z\u00e1rja ki;<br \/>\naz adatkezel\u00e9s c\u00e9lja megsz\u0171nt;<br \/>\nazt b\u00edr\u00f3s\u00e1g vagy a Nemzeti Adatv\u00e9delmi \u00e9s Inform\u00e1ci\u00f3szabads\u00e1g Hat\u00f3s\u00e1g elrendelte.<br \/>\nAz \u00c9rintett \u00e1ltal k\u00e9rt t\u00f6rl\u00e9s kiz\u00e1r\u00f3lag az \u0151 hozz\u00e1j\u00e1rul\u00e1sa alapj\u00e1n kezelt adatok t\u00f6rl\u00e9s\u00e9re vonatkozhat, \u00edgy az nem \u00e9rinti a jogszab\u00e1ly \u00e1ltal elrendelt k\u00f6telez\u0151 adatkezel\u00e9ssel \u00e9rintett adatok k\u00f6r\u00e9t. Mindemellett Adatkezel\u0151 az \u00c9rintett szem\u00e9lyes adatainak kezel\u00e9s\u00e9re az \u00c9rintett t\u00f6rl\u00e9si k\u00e9relm\u00e9t k\u00f6vet\u0151en is jogosult, amennyiben az \u00c9rintett adatainak kezel\u00e9se az Adatkezel\u0151 szerz\u0151d\u00e9s teljes\u00edt\u00e9se, jogi k\u00f6telezetts\u00e9geinek teljes\u00edt\u00e9se vagy jogos \u00e9rdek\u00e9nek \u00e9rv\u00e9nyes\u00edt\u00e9se c\u00e9lj\u00e1b\u00f3l sz\u00fcks\u00e9ges.<\/p>\n<p>A k\u00e9relmet a 13. pontban r\u00f6gz\u00edtettek szerint kell el\u0151terjeszteni.<\/p>\n<p>11.4. Az adatkezel\u00e9s korl\u00e1toz\u00e1s\u00e1hoz val\u00f3 jog<br \/>\nAz \u00c9rintett k\u00e9r\u00e9s\u00e9re az Adatkezel\u0151 korl\u00e1tozza az adatkezel\u00e9st az al\u00e1bbi esetekben:<\/p>\n<p>a.) az \u00e9rintett vitatja a szem\u00e9lyes adatok pontoss\u00e1g\u00e1t, ez esetben a korl\u00e1toz\u00e1s arra az id\u0151tartamra vonatkozik, amely lehet\u0151v\u00e9 teszi, hogy az adatkezel\u0151 ellen\u0151rizze a szem\u00e9lyes adatok pontoss\u00e1g\u00e1t;<br \/>\nb.) az adatkezel\u00e9s jogellenes, \u00e9s az \u00e9rintett ellenzi az adatok t\u00f6rl\u00e9s\u00e9t, \u00e9s ehelyett k\u00e9ri azok felhaszn\u00e1l\u00e1s\u00e1nak korl\u00e1toz\u00e1s\u00e1t;<br \/>\nc.) az adatkezel\u0151nek m\u00e1r nincs sz\u00fcks\u00e9ge a szem\u00e9lyes adatokra adatkezel\u00e9s c\u00e9lj\u00e1b\u00f3l, de az \u00e9rintett ig\u00e9nyli azokat jogi ig\u00e9nyek el\u0151terjeszt\u00e9s\u00e9hez, \u00e9rv\u00e9nyes\u00edt\u00e9s\u00e9hez vagy v\u00e9delm\u00e9hez; vagy<br \/>\nd.) az \u00e9rintett tiltakozott az adatkezel\u00e9s ellen; ez esetben a korl\u00e1toz\u00e1s arra az id\u0151tartamra vonatkozik, am\u00edg meg\u00e1llap\u00edt\u00e1sra nem ker\u00fcl, hogy az adatkezel\u0151 jogos indokai els\u0151bbs\u00e9get \u00e9lveznek-e az \u00e9rintett jogos indokaival szemben.<\/p>\n<p>A k\u00e9relmet a 13. pontban r\u00f6gz\u00edtettek szerint kell el\u0151terjeszteni.<\/p>\n<p>11.5. Adathordozhat\u00f3s\u00e1ghoz val\u00f3 jog<br \/>\nAz \u00c9rintett jogosult arra, hogy az Adatkezel\u0151 rendelkez\u00e9s\u00e9re bocs\u00e1tott szem\u00e9lyes adatokat g\u00e9ppel olvashat\u00f3 form\u00e1tumban megkapja, illet\u0151leg az Adatkezel\u0151 ezeket az adatokat az \u00e1ltala megjel\u00f6lt m\u00e1sik adatkezel\u0151nek tov\u00e1bb\u00edtsa, amennyiben az adatkezel\u00e9s az \u00e9rintett hozz\u00e1j\u00e1rul\u00e1s\u00e1n, vagy szerz\u0151d\u00e9sen alapul (GDPR 6. cikk (1) a) \u00e9s b) ponton).<\/p>\n<p>A k\u00e9relmet a 13. pontban r\u00f6gz\u00edtettek szerint kell el\u0151terjeszteni.<\/p>\n<p>11.6.Tiltakoz\u00e1shoz val\u00f3 jog<br \/>\nAz \u00c9rintett tiltakozhat szem\u00e9lyes adat\u00e1nak kezel\u00e9se ellen, ha a szem\u00e9lyes adatok kezel\u00e9se vagy tov\u00e1bb\u00edt\u00e1sa kiz\u00e1r\u00f3lag az Adatkezel\u0151re vonatkoz\u00f3 az Adatkezel\u0151 vagy harmadik szem\u00e9ly jogos \u00e9rdek\u00e9nek \u00e9rv\u00e9nyes\u00edt\u00e9s\u00e9hez sz\u00fcks\u00e9ges (kiv\u00e9ve k\u00f6telez\u0151 adatkezel\u00e9s eset\u00e9n).<\/p>\n<p>Az \u00c9rintett a tiltakoz\u00e1ssal kapcsolatos k\u00e9relm\u00e9t a 13. pontban foglaltak szerint ny\u00fajthatja be az Adatkezel\u0151 fel\u00e9.<\/p>\n<p>Amennyiben az Adatkezel\u0151 az \u00c9rintett tiltakoz\u00e1s\u00e1t alaposnak tal\u00e1lja, \u00fagy a szem\u00e9lyes adatokat halad\u00e9ktalanul t\u00f6rli.<\/p>\n<p><strong>11. Jogorvoslati lehet\u0151s\u00e9gek<\/strong><\/p>\n<p>Jogellenes adatkezel\u00e9s, valamint t\u00e1j\u00e9koztat\u00e1s, helyesb\u00edt\u00e9s, t\u00f6rl\u00e9s, korl\u00e1toz\u00e1s, adathordozhat\u00f3s\u00e1g, tiltakoz\u00e1s ir\u00e1nti k\u00e9relem elutas\u00edt\u00e1sa eset\u00e9ben az \u00c9rintett a Nemzeti Adatv\u00e9delmi \u00e9s Inform\u00e1ci\u00f3szabads\u00e1g Hat\u00f3s\u00e1ghoz (C\u00edm: 1125 Budapest, Szil\u00e1gyi Erzs\u00e9bet fasor 22\/c.; Postai c\u00edm: 1530 Budapest, Pf.:5; Email c\u00edm: ugyfelszolgalat [kukac] naih.hu) vagy a lak\u00f3helye vagy tart\u00f3zkod\u00e1si helye szerinti b\u00edr\u00f3s\u00e1ghoz fordulhat.<\/p>\n<p><strong>12. Az \u00c9rintett \u00e1ltal az Adatkezel\u0151 r\u00e9sz\u00e9re megk\u00fcld\u00f6tt k\u00e9relemmel kapcsolatos szab\u00e1lyok<\/strong><\/p>\n<p>Az \u00c9rintett a jelen T\u00e1j\u00e9koztat\u00f3ban megjel\u00f6lt k\u00e9relmeket, valamint az adatkezel\u00e9shez adott hozz\u00e1j\u00e1rul\u00e1s\u00e1nak visszavon\u00e1s\u00e1t \u00edr\u00e1sban az al\u00e1bbi c\u00edmre k\u00f6teles megk\u00fcldeni:<\/p>\n<p>Email: office@autocolor-karoly.com<br \/>\nPostai c\u00edm: 9421 Fert\u0151r\u00e1kos, Pataki Istv\u00e1n utca 17.<\/p>\n<p>Az Adatkezel\u0151 a be\u00e9rkezett k\u00e9relmeket halad\u00e9ktalanul megvizsg\u00e1lja, \u00e9s a k\u00e9relem k\u00e9zhezv\u00e9tel\u00e9t k\u00f6vet\u0151 legk\u00e9s\u0151bb 25 napon bel\u00fcl teljes\u00edti a k\u00e9relmet, vagy amennyiben az Adatkezel\u0151 az \u00c9rintett k\u00e9relm\u00e9t nem tal\u00e1lja megalapozottnak, \u00e9s annak teljes\u00edt\u00e9s\u00e9t megtagadja \u00fagy az elutas\u00edt\u00e1st \u00e9s annak indokait a jogorvoslattal egy\u00fctt a k\u00e9relem k\u00e9zhezv\u00e9tel\u00e9t k\u00f6vet\u0151 25 napon bel\u00fcl \u00edr\u00e1sban k\u00f6zli az \u00c9rintettel. \u00cdr\u00e1sbeli \u00e9rtes\u00edt\u00e9st az Adatkezel\u0151 kiz\u00e1r\u00f3lag a k\u00e9relem elutas\u00edt\u00e1sa eset\u00e9n k\u00fcld az \u00c9rintettnek, kiv\u00e9ve 11.1. pontban foglalt k\u00e9relmek.<\/p>\n<p>Az e-mailben k\u00fcld\u00f6tt k\u00e9r\u00e9st az Adatkezel\u0151 csak akkor tekinti hitelesnek, ha az az \u00c9rintett \u00e1ltal m\u00e1r megadott, \u00e9s szem\u00e9lyes adatk\u00e9nt kezelt e-mail c\u00edmr\u0151l \u00e9rkezik. Adatkezel\u0151 jogosult tov\u00e1bbi adatot bek\u00e9rni az \u00c9rintett azonos\u00edt\u00e1sa \u00e9rdek\u00e9ben abban az esetben, ha k\u00e9ts\u00e9ge mer\u00fcl fel afel\u0151l, hogy az adatokat k\u00e9r\u0151 szem\u00e9ly val\u00f3ban az \u00c9rintett.<\/p>\n<p><strong>13. Elj\u00e1r\u00e1s adatv\u00e9delmi incidens eset\u00e9n<\/strong><\/p>\n<p>Adatv\u00e9delmi incidens: szem\u00e9lyes adatok v\u00e9letlen vagy jogellenes megsemmis\u00edt\u00e9se, elveszt\u00e9se, megv\u00e1ltoztat\u00e1sa, jogosulatlan k\u00f6zl\u00e9se, vagy az azokhoz val\u00f3 jogosulatlan hozz\u00e1f\u00e9r\u00e9s.<\/p>\n<p>Amennyiben az Adatkezel\u0151 \u00e1ltal kezelt szem\u00e9lyes adataival \u00f6sszef\u00fcgg\u00e9sben a fent defini\u00e1lt adatv\u00e9delmi incidensr\u0151l szerez tudom\u00e1st, k\u00e9rj\u00fck halad\u00e9ktalanul jelezze a 9. pontban megjel\u00f6lt el\u00e9rhet\u0151s\u00e9geken. Adatv\u00e9delmi incidenst az Adatkezel\u0151 halad\u00e9ktalanul megvizsg\u00e1lja, legk\u00e9s\u0151bb a tudom\u00e1sszerz\u00e9st k\u00f6vet\u0151 72 \u00f3r\u00e1n bel\u00fcl bejelenti a Nemzeti Adatv\u00e9delmi \u00e9s Inform\u00e1ci\u00f3szabads\u00e1g Hat\u00f3s\u00e1gnak, kiv\u00e9ve ha az adatv\u00e9delmi incidens val\u00f3sz\u00edn\u0171s\u00edthet\u0151en nem j\u00e1r kock\u00e1zattal az \u00e9rintettek jogaira \u00e9s szabads\u00e1gaira n\u00e9zve, tov\u00e1bb\u00e1 megteszi az incidens orvosl\u00e1s\u00e1ra szolg\u00e1l\u00f3 int\u00e9zked\u00e9seket. Az Adatkezel\u0151 az adatv\u00e9delmi incidensekr\u0151l nyilv\u00e1ntart\u00e1st vezet.<\/p>\n<p>Az Adatv\u00e9delmi t\u00e1j\u00e9koztat\u00f3 elfogad\u00e1sa, m\u00f3dos\u00edt\u00e1sa<br \/>\nAz \u00c9rintettek a Honlap haszn\u00e1lat\u00e1val jelen Adatkezel\u00e9si T\u00e1j\u00e9koztat\u00f3ban foglaltakat elfogadj\u00e1k.<\/p>\n<p>Adatkezel\u0151 jogosult a jelen Adatv\u00e9delmi T\u00e1j\u00e9koztat\u00f3t egyoldal\u00faan m\u00f3dos\u00edtani. A m\u00f3dos\u00edtott Adatv\u00e9delmi T\u00e1j\u00e9koztat\u00f3 a Weboldalon ker\u00fcl k\u00f6zz\u00e9t\u00e9telre.<\/p>\n<p><strong>T\u00e1rhely szolg\u00e1ltat\u00f3:<\/strong><\/p>\n<p>N\u00e9v:\u00a0Sybell Informatika Kft.<br \/>\nSz\u00e9khely:\u00a01158 Budapest, K\u00e9sm\u00e1rk u. 7\/b. 2. em. 206.<\/p>\n<p>Hat\u00e1lyos: 2018. m\u00e1jus 25-t\u0151l.<\/p>\n<p>&nbsp;<\/p>\n","protected":false},"excerpt":{"rendered":"<p>Adatkezel\u00e9si t\u00e1j\u00e9koztat\u00f3 \u00e9s szab\u00e1lyzat Az Adatkezel\u0151 Jo\u00f3 K\u00e1roly EV szolg\u00e1ltat\u00e1st ny\u00fajt. Jelen Adatkezel\u00e9si t\u00e1j\u00e9koztat\u00f3 c\u00e9lja, hogy az adatkezel\u00e9s megkezd\u00e9se el\u0151tt az Adatkezel\u0151 \u00e1ltal m\u0171k\u00f6dtetett http:\/\/www.autocolor-karoly.com weboldalra (\u201eHonlap\u201d vagy \u201eWeboldal\u201d) l\u00e1togat\u00f3kat, a Facebook adatlapj\u00e1t l\u00e1togat\u00f3kat (\u201e\u00c9rintett\u201d) egy\u00e9rtelm\u0171en \u00e9s r\u00e9szletesen t\u00e1j\u00e9koztassa szem\u00e9lyes adataik kezel\u00e9s\u00e9vel kapcsolatos minden t\u00e9nyr\u0151l, az adatkezel\u00e9ssel kapcsolatos jogokr\u00f3l \u00e9s jogorvoslati lehet\u0151s\u00e9gekr\u0151l. Jelen Adatkezel\u00e9si t\u00e1j\u00e9koztat\u00f3 [&hellip;]<\/p>\n","protected":false},"author":1,"featured_media":0,"parent":0,"menu_order":0,"comment_status":"closed","ping_status":"closed","template":"","meta":{"footnotes":""},"class_list":["post-1455","page","type-page","status-publish","hentry"],"yoast_head":"<!-- This site is optimized with the Yoast SEO plugin v27.4 - https:\/\/yoast.com\/product\/yoast-seo-wordpress\/ -->\n<title>Adatv\u00e9delem - Autocolor-Karoly<\/title>\n<meta name=\"robots\" content=\"index, follow, max-snippet:-1, max-image-preview:large, max-video-preview:-1\" \/>\n<link rel=\"canonical\" href=\"https:\/\/www.autocolor-karoly.com\/de\/adatvedelem\/\" \/>\n<meta property=\"og:locale\" content=\"de_DE\" \/>\n<meta property=\"og:type\" content=\"article\" \/>\n<meta property=\"og:title\" content=\"Adatv\u00e9delem - Autocolor-Karoly\" \/>\n<meta property=\"og:description\" content=\"Adatkezel\u00e9si t\u00e1j\u00e9koztat\u00f3 \u00e9s szab\u00e1lyzat Az Adatkezel\u0151 Jo\u00f3 K\u00e1roly EV szolg\u00e1ltat\u00e1st ny\u00fajt. Jelen Adatkezel\u00e9si t\u00e1j\u00e9koztat\u00f3 c\u00e9lja, hogy az adatkezel\u00e9s megkezd\u00e9se el\u0151tt az Adatkezel\u0151 \u00e1ltal m\u0171k\u00f6dtetett http:\/\/www.autocolor-karoly.com weboldalra (\u201eHonlap\u201d vagy \u201eWeboldal\u201d) l\u00e1togat\u00f3kat, a Facebook adatlapj\u00e1t l\u00e1togat\u00f3kat (\u201e\u00c9rintett\u201d) egy\u00e9rtelm\u0171en \u00e9s r\u00e9szletesen t\u00e1j\u00e9koztassa szem\u00e9lyes adataik kezel\u00e9s\u00e9vel kapcsolatos minden t\u00e9nyr\u0151l, az adatkezel\u00e9ssel kapcsolatos jogokr\u00f3l \u00e9s jogorvoslati lehet\u0151s\u00e9gekr\u0151l. Jelen Adatkezel\u00e9si t\u00e1j\u00e9koztat\u00f3 [&hellip;]\" \/>\n<meta property=\"og:url\" content=\"https:\/\/www.autocolor-karoly.com\/de\/adatvedelem\/\" \/>\n<meta property=\"og:site_name\" content=\"Autocolor-Karoly\" \/>\n<meta property=\"article:modified_time\" content=\"2021-02-22T14:31:01+00:00\" \/>\n<meta name=\"twitter:card\" content=\"summary_large_image\" \/>\n<meta name=\"twitter:label1\" content=\"Gesch\u00e4tzte Lesezeit\" \/>\n\t<meta name=\"twitter:data1\" content=\"23\u00a0Minuten\" \/>\n<script type=\"application\/ld+json\" class=\"yoast-schema-graph\">{\"@context\":\"https:\\\/\\\/schema.org\",\"@graph\":[{\"@type\":\"WebPage\",\"@id\":\"https:\\\/\\\/www.autocolor-karoly.com\\\/adatvedelem\\\/\",\"url\":\"https:\\\/\\\/www.autocolor-karoly.com\\\/adatvedelem\\\/\",\"name\":\"Adatv\u00e9delem - Autocolor-Karoly\",\"isPartOf\":{\"@id\":\"https:\\\/\\\/www.autocolor-karoly.com\\\/#website\"},\"datePublished\":\"2021-02-19T23:54:32+00:00\",\"dateModified\":\"2021-02-22T14:31:01+00:00\",\"breadcrumb\":{\"@id\":\"https:\\\/\\\/www.autocolor-karoly.com\\\/adatvedelem\\\/#breadcrumb\"},\"inLanguage\":\"de\",\"potentialAction\":[{\"@type\":\"ReadAction\",\"target\":[\"https:\\\/\\\/www.autocolor-karoly.com\\\/adatvedelem\\\/\"]}]},{\"@type\":\"BreadcrumbList\",\"@id\":\"https:\\\/\\\/www.autocolor-karoly.com\\\/adatvedelem\\\/#breadcrumb\",\"itemListElement\":[{\"@type\":\"ListItem\",\"position\":1,\"name\":\"Kezd\u0151lap\",\"item\":\"https:\\\/\\\/www.autocolor-karoly.com\\\/\"},{\"@type\":\"ListItem\",\"position\":2,\"name\":\"Adatv\u00e9delem\"}]},{\"@type\":\"WebSite\",\"@id\":\"https:\\\/\\\/www.autocolor-karoly.com\\\/#website\",\"url\":\"https:\\\/\\\/www.autocolor-karoly.com\\\/\",\"name\":\"Autocolor-Karoly\",\"description\":\"Karosserie- und Lackiererwerkstatt Sopron\",\"potentialAction\":[{\"@type\":\"SearchAction\",\"target\":{\"@type\":\"EntryPoint\",\"urlTemplate\":\"https:\\\/\\\/www.autocolor-karoly.com\\\/?s={search_term_string}\"},\"query-input\":{\"@type\":\"PropertyValueSpecification\",\"valueRequired\":true,\"valueName\":\"search_term_string\"}}],\"inLanguage\":\"de\"}]}<\/script>\n<!-- \/ Yoast SEO plugin. -->","yoast_head_json":{"title":"Adatv\u00e9delem - Autocolor-Karoly","robots":{"index":"index","follow":"follow","max-snippet":"max-snippet:-1","max-image-preview":"max-image-preview:large","max-video-preview":"max-video-preview:-1"},"canonical":"https:\/\/www.autocolor-karoly.com\/de\/adatvedelem\/","og_locale":"de_DE","og_type":"article","og_title":"Adatv\u00e9delem - Autocolor-Karoly","og_description":"Adatkezel\u00e9si t\u00e1j\u00e9koztat\u00f3 \u00e9s szab\u00e1lyzat Az Adatkezel\u0151 Jo\u00f3 K\u00e1roly EV szolg\u00e1ltat\u00e1st ny\u00fajt. Jelen Adatkezel\u00e9si t\u00e1j\u00e9koztat\u00f3 c\u00e9lja, hogy az adatkezel\u00e9s megkezd\u00e9se el\u0151tt az Adatkezel\u0151 \u00e1ltal m\u0171k\u00f6dtetett http:\/\/www.autocolor-karoly.com weboldalra (\u201eHonlap\u201d vagy \u201eWeboldal\u201d) l\u00e1togat\u00f3kat, a Facebook adatlapj\u00e1t l\u00e1togat\u00f3kat (\u201e\u00c9rintett\u201d) egy\u00e9rtelm\u0171en \u00e9s r\u00e9szletesen t\u00e1j\u00e9koztassa szem\u00e9lyes adataik kezel\u00e9s\u00e9vel kapcsolatos minden t\u00e9nyr\u0151l, az adatkezel\u00e9ssel kapcsolatos jogokr\u00f3l \u00e9s jogorvoslati lehet\u0151s\u00e9gekr\u0151l. Jelen Adatkezel\u00e9si t\u00e1j\u00e9koztat\u00f3 [&hellip;]","og_url":"https:\/\/www.autocolor-karoly.com\/de\/adatvedelem\/","og_site_name":"Autocolor-Karoly","article_modified_time":"2021-02-22T14:31:01+00:00","twitter_card":"summary_large_image","twitter_misc":{"Gesch\u00e4tzte Lesezeit":"23\u00a0Minuten"},"schema":{"@context":"https:\/\/schema.org","@graph":[{"@type":"WebPage","@id":"https:\/\/www.autocolor-karoly.com\/adatvedelem\/","url":"https:\/\/www.autocolor-karoly.com\/adatvedelem\/","name":"Adatv\u00e9delem - Autocolor-Karoly","isPartOf":{"@id":"https:\/\/www.autocolor-karoly.com\/#website"},"datePublished":"2021-02-19T23:54:32+00:00","dateModified":"2021-02-22T14:31:01+00:00","breadcrumb":{"@id":"https:\/\/www.autocolor-karoly.com\/adatvedelem\/#breadcrumb"},"inLanguage":"de","potentialAction":[{"@type":"ReadAction","target":["https:\/\/www.autocolor-karoly.com\/adatvedelem\/"]}]},{"@type":"BreadcrumbList","@id":"https:\/\/www.autocolor-karoly.com\/adatvedelem\/#breadcrumb","itemListElement":[{"@type":"ListItem","position":1,"name":"Kezd\u0151lap","item":"https:\/\/www.autocolor-karoly.com\/"},{"@type":"ListItem","position":2,"name":"Adatv\u00e9delem"}]},{"@type":"WebSite","@id":"https:\/\/www.autocolor-karoly.com\/#website","url":"https:\/\/www.autocolor-karoly.com\/","name":"Autocolor-Karoly","description":"Karosserie- und Lackiererwerkstatt Sopron","potentialAction":[{"@type":"SearchAction","target":{"@type":"EntryPoint","urlTemplate":"https:\/\/www.autocolor-karoly.com\/?s={search_term_string}"},"query-input":{"@type":"PropertyValueSpecification","valueRequired":true,"valueName":"search_term_string"}}],"inLanguage":"de"}]}},"_links":{"self":[{"href":"https:\/\/www.autocolor-karoly.com\/de\/wp-json\/wp\/v2\/pages\/1455","targetHints":{"allow":["GET"]}}],"collection":[{"href":"https:\/\/www.autocolor-karoly.com\/de\/wp-json\/wp\/v2\/pages"}],"about":[{"href":"https:\/\/www.autocolor-karoly.com\/de\/wp-json\/wp\/v2\/types\/page"}],"author":[{"embeddable":true,"href":"https:\/\/www.autocolor-karoly.com\/de\/wp-json\/wp\/v2\/users\/1"}],"replies":[{"embeddable":true,"href":"https:\/\/www.autocolor-karoly.com\/de\/wp-json\/wp\/v2\/comments?post=1455"}],"version-history":[{"count":10,"href":"https:\/\/www.autocolor-karoly.com\/de\/wp-json\/wp\/v2\/pages\/1455\/revisions"}],"predecessor-version":[{"id":1576,"href":"https:\/\/www.autocolor-karoly.com\/de\/wp-json\/wp\/v2\/pages\/1455\/revisions\/1576"}],"wp:attachment":[{"href":"https:\/\/www.autocolor-karoly.com\/de\/wp-json\/wp\/v2\/media?parent=1455"}],"curies":[{"name":"wp","href":"https:\/\/api.w.org\/{rel}","templated":true}]}}